{"id":16708,"date":"2026-07-06T23:35:19","date_gmt":"2026-07-06T21:35:19","guid":{"rendered":"https:\/\/dulobisztro.hu\/?page_id=16708"},"modified":"2026-07-07T00:09:02","modified_gmt":"2026-07-06T22:09:02","slug":"e-bike-berles","status":"publish","type":"page","link":"https:\/\/dulobisztro.hu\/en\/e-bike-berles\/","title":{"rendered":"E-BIKE RENTAL"},"content":{"rendered":"<div data-elementor-type=\"wp-page\" data-elementor-id=\"16708\" class=\"elementor elementor-16708\" data-elementor-post-type=\"page\">\n\t\t\t\t<div class=\"elementor-element elementor-element-eba65e6 e-flex e-con-boxed e-con e-parent\" data-id=\"eba65e6\" data-element_type=\"container\" data-e-type=\"container\" data-settings=\"{&quot;jet_parallax_layout_list&quot;:[]}\">\n\t\t\t\t\t<div class=\"e-con-inner\">\n\t\t\t\t<div class=\"elementor-element elementor-element-9b23566 elementor-widget elementor-widget-spacer\" data-id=\"9b23566\" data-element_type=\"widget\" data-e-type=\"widget\" data-widget_type=\"spacer.default\">\n\t\t\t\t<div class=\"elementor-widget-container\">\n\t\t\t\t\t\t\t<div class=\"elementor-spacer\">\n\t\t\t<div class=\"elementor-spacer-inner\"><\/div>\n\t\t<\/div>\n\t\t\t\t\t\t<\/div>\n\t\t\t\t<\/div>\n\t\t\t\t<div class=\"elementor-element elementor-element-31684b0 elementor-widget elementor-widget-heading\" data-id=\"31684b0\" data-element_type=\"widget\" data-e-type=\"widget\" data-widget_type=\"heading.default\">\n\t\t\t\t<div class=\"elementor-widget-container\">\n\t\t\t\t\t<h2 class=\"elementor-heading-title elementor-size-default\">E-BIKE RENTAL<\/h2>\t\t\t\t<\/div>\n\t\t\t\t<\/div>\n\t\t\t\t<div class=\"elementor-element elementor-element-4106b7b elementor-widget elementor-widget-spacer\" data-id=\"4106b7b\" data-element_type=\"widget\" data-e-type=\"widget\" data-widget_type=\"spacer.default\">\n\t\t\t\t<div class=\"elementor-widget-container\">\n\t\t\t\t\t\t\t<div class=\"elementor-spacer\">\n\t\t\t<div class=\"elementor-spacer-inner\"><\/div>\n\t\t<\/div>\n\t\t\t\t\t\t<\/div>\n\t\t\t\t<\/div>\n\t\t\t\t\t<\/div>\n\t\t\t\t<\/div>\n\t\t\t\t<section class=\"elementor-section elementor-top-section elementor-element elementor-element-b13ad00 elementor-section-boxed elementor-section-height-default elementor-section-height-default\" data-id=\"b13ad00\" data-element_type=\"section\" data-e-type=\"section\" data-settings=\"{&quot;jet_parallax_layout_list&quot;:[]}\">\n\t\t\t\t\t\t<div class=\"elementor-container elementor-column-gap-default\">\n\t\t\t\t\t<div class=\"elementor-column elementor-col-66 elementor-top-column elementor-element elementor-element-94637cd\" data-id=\"94637cd\" data-element_type=\"column\" data-e-type=\"column\">\n\t\t\t<div class=\"elementor-widget-wrap elementor-element-populated\">\n\t\t\t\t\t\t<div class=\"elementor-element elementor-element-ef3a4e5 elementor-widget elementor-widget-image\" data-id=\"ef3a4e5\" data-element_type=\"widget\" data-e-type=\"widget\" data-widget_type=\"image.default\">\n\t\t\t\t<div class=\"elementor-widget-container\">\n\t\t\t\t\t\t\t\t\t\t\t\t\t\t\t<img fetchpriority=\"high\" decoding=\"async\" width=\"878\" height=\"842\" src=\"https:\/\/dulobisztro.hu\/wp-content\/uploads\/2026\/07\/e-bike-dulobisztro-3.webp\" class=\"attachment-full size-full wp-image-16720\" alt=\"\" srcset=\"https:\/\/dulobisztro.hu\/wp-content\/uploads\/2026\/07\/e-bike-dulobisztro-3.webp 878w, https:\/\/dulobisztro.hu\/wp-content\/uploads\/2026\/07\/e-bike-dulobisztro-3-300x288.webp 300w, https:\/\/dulobisztro.hu\/wp-content\/uploads\/2026\/07\/e-bike-dulobisztro-3-768x737.webp 768w, https:\/\/dulobisztro.hu\/wp-content\/uploads\/2026\/07\/e-bike-dulobisztro-3-13x12.webp 13w\" sizes=\"(max-width: 878px) 100vw, 878px\" style=\"width:100%;height:95.9%;max-width:878px\" \/>\t\t\t\t\t\t\t\t\t\t\t\t\t\t\t<\/div>\n\t\t\t\t<\/div>\n\t\t\t\t\t<\/div>\n\t\t<\/div>\n\t\t\t\t<div class=\"elementor-column elementor-col-33 elementor-top-column elementor-element elementor-element-9863037\" data-id=\"9863037\" data-element_type=\"column\" data-e-type=\"column\">\n\t\t\t<div class=\"elementor-widget-wrap elementor-element-populated\">\n\t\t\t\t\t\t<div class=\"elementor-element elementor-element-4d906a5 elementor-widget elementor-widget-text-editor\" data-id=\"4d906a5\" data-element_type=\"widget\" data-e-type=\"widget\" data-widget_type=\"text-editor.default\">\n\t\t\t\t<div class=\"elementor-widget-container\">\n\t\t\t\t\t\t\t\t\t<p class=\"s3\"><span class=\"s2\">EXPLORE THE VINEYARDS BY E-BIKE<\/span><\/p>\t\t\t\t\t\t\t\t<\/div>\n\t\t\t\t<\/div>\n\t\t\t\t<div class=\"elementor-element elementor-element-4f15a91 elementor-widget elementor-widget-text-editor\" data-id=\"4f15a91\" data-element_type=\"widget\" data-e-type=\"widget\" data-widget_type=\"text-editor.default\">\n\t\t\t\t<div class=\"elementor-widget-container\">\n\t\t\t\t\t\t\t\t\t<p class=\"translation-block\">The vineyards of Tokaj-Hegyalja reveal a completely different side when explored on two wheels. With an e-bike, you can easily make your way up the vineyard hills, stop at the most beautiful panoramic viewpoints, and enjoy the scenery without having to worry about steep climbs. Thanks to the electric assistance, the tour is not about performance, but about the experience.<\/p>\t\t\t\t\t\t\t\t<\/div>\n\t\t\t\t<\/div>\n\t\t\t\t<div class=\"elementor-element elementor-element-94f01bd elementor-widget elementor-widget-text-editor\" data-id=\"94f01bd\" data-element_type=\"widget\" data-e-type=\"widget\" data-widget_type=\"text-editor.default\">\n\t\t\t\t<div class=\"elementor-widget-container\">\n\t\t\t\t\t\t\t\t\t<p>Whether you would like to explore the area before a pleasant lunch or dinner, or set off directly from D\u0171l\u0151bisztr\u00f3, an e-bike is the perfect choice. Ride through the vineyard rows, discover the vineyard roads, enjoy the stunning views of the Bodrog and Zempl\u00e9n, then return to us for a glass of wine and a delicious meal. This way, you can enjoy both an active day out and a genuine gastronomic experience in a single day.<\/p>\t\t\t\t\t\t\t\t<\/div>\n\t\t\t\t<\/div>\n\t\t\t\t\t<\/div>\n\t\t<\/div>\n\t\t\t\t\t<\/div>\n\t\t<\/section>\n\t\t\t\t<section class=\"elementor-section elementor-top-section elementor-element elementor-element-0821160 elementor-section-boxed elementor-section-height-default elementor-section-height-default\" data-id=\"0821160\" data-element_type=\"section\" data-e-type=\"section\" data-settings=\"{&quot;jet_parallax_layout_list&quot;:[]}\">\n\t\t\t\t\t\t<div class=\"elementor-container elementor-column-gap-default\">\n\t\t\t\t\t<div class=\"elementor-column elementor-col-33 elementor-top-column elementor-element elementor-element-73209a1\" data-id=\"73209a1\" data-element_type=\"column\" data-e-type=\"column\">\n\t\t\t<div class=\"elementor-widget-wrap elementor-element-populated\">\n\t\t\t\t\t\t<div class=\"elementor-element elementor-element-f2312e1 elementor-widget elementor-widget-text-editor\" data-id=\"f2312e1\" data-element_type=\"widget\" data-e-type=\"widget\" data-widget_type=\"text-editor.default\">\n\t\t\t\t<div class=\"elementor-widget-container\">\n\t\t\t\t\t\t\t\t\t<p class=\"translation-block\">E-bikes are normally collected from the Retel Vit\u00e9z Guesthouse, but by prior arrangement, we can also deliver the bike to Hars\u00e1nyi D\u0171l\u0151bisztr\u00f3 so you can start your tour even more conveniently.<\/p>\t\t\t\t\t\t\t\t<\/div>\n\t\t\t\t<\/div>\n\t\t\t\t<div class=\"elementor-element elementor-element-5457922 elementor-widget elementor-widget-text-editor\" data-id=\"5457922\" data-element_type=\"widget\" data-e-type=\"widget\" data-widget_type=\"text-editor.default\">\n\t\t\t\t<div class=\"elementor-widget-container\">\n\t\t\t\t\t\t\t\t\t<p class=\"s3\">ENQUIRIES AND RESERVATIONS<\/p>\t\t\t\t\t\t\t\t<\/div>\n\t\t\t\t<\/div>\n\t\t\t\t<div class=\"elementor-element elementor-element-6c12ea4 elementor-widget elementor-widget-text-editor\" data-id=\"6c12ea4\" data-element_type=\"widget\" data-e-type=\"widget\" data-widget_type=\"text-editor.default\">\n\t\t\t\t<div class=\"elementor-widget-container\">\n\t\t\t\t\t\t\t\t\t<p class=\"s3 translation-block\">If you would like to rent an e-bike or have any questions about the available options, feel free to contact us!<\/p>\t\t\t\t\t\t\t\t<\/div>\n\t\t\t\t<\/div>\n\t\t\t\t<div class=\"elementor-element elementor-element-275a3d9 elementor-widget elementor-widget-text-editor\" data-id=\"275a3d9\" data-element_type=\"widget\" data-e-type=\"widget\" data-widget_type=\"text-editor.default\">\n\t\t\t\t<div class=\"elementor-widget-container\">\n\t\t\t\t\t\t\t\t\t<p class=\"s3\"><span class=\"s6\">Hars\u00e1nyi D\u0171l\u0151bisztr\u00f3<\/span><\/p>\t\t\t\t\t\t\t\t<\/div>\n\t\t\t\t<\/div>\n\t\t\t\t<div class=\"elementor-element elementor-element-76da686 elementor-icon-list--layout-traditional elementor-list-item-link-full_width elementor-widget elementor-widget-icon-list\" data-id=\"76da686\" data-element_type=\"widget\" data-e-type=\"widget\" data-widget_type=\"icon-list.default\">\n\t\t\t\t<div class=\"elementor-widget-container\">\n\t\t\t\t\t\t\t<ul class=\"elementor-icon-list-items\">\n\t\t\t\t\t\t\t<li class=\"elementor-icon-list-item\">\n\t\t\t\t\t\t\t\t\t\t\t<a href=\"tel:+36%2030%20183%209253\">\n\n\t\t\t\t\t\t\t\t\t\t\t\t<span class=\"elementor-icon-list-icon\">\n\t\t\t\t\t\t\t<svg aria-hidden=\"true\" class=\"e-font-icon-svg e-fas-phone-alt\" viewbox=\"0 0 512 512\" xmlns=\"http:\/\/www.w3.org\/2000\/svg\"><path d=\"M497.39 361.8l-112-48a24 24 0 0 0-28 6.9l-49.6 60.6A370.66 370.66 0 0 1 130.6 204.11l60.6-49.6a23.94 23.94 0 0 0 6.9-28l-48-112A24.16 24.16 0 0 0 122.6.61l-104 24A24 24 0 0 0 0 48c0 256.5 207.9 464 464 464a24 24 0 0 0 23.4-18.6l24-104a24.29 24.29 0 0 0-14.01-27.6z\"><\/path><\/svg>\t\t\t\t\t\t<\/span>\n\t\t\t\t\t\t\t\t\t\t<span class=\"elementor-icon-list-text\">+36 30 183 9253<\/span>\n\t\t\t\t\t\t\t\t\t\t\t<\/a>\n\t\t\t\t\t\t\t\t\t<\/li>\n\t\t\t\t\t\t\t\t<li class=\"elementor-icon-list-item\">\n\t\t\t\t\t\t\t\t\t\t\t<a href=\"mailto:info@dulobisztro.hu\">\n\n\t\t\t\t\t\t\t\t\t\t\t\t<span class=\"elementor-icon-list-icon\">\n\t\t\t\t\t\t\t<svg aria-hidden=\"true\" class=\"e-font-icon-svg e-fas-envelope\" viewbox=\"0 0 512 512\" xmlns=\"http:\/\/www.w3.org\/2000\/svg\"><path d=\"M502.3 190.8c3.9-3.1 9.7-.2 9.7 4.7V400c0 26.5-21.5 48-48 48H48c-26.5 0-48-21.5-48-48V195.6c0-5 5.7-7.8 9.7-4.7 22.4 17.4 52.1 39.5 154.1 113.6 21.1 15.4 56.7 47.8 92.2 47.6 35.7.3 72-32.8 92.3-47.6 102-74.1 131.6-96.3 154-113.7zM256 320c23.2.4 56.6-29.2 73.4-41.4 132.7-96.3 142.8-104.7 173.4-128.7 5.8-4.5 9.2-11.5 9.2-18.9v-19c0-26.5-21.5-48-48-48H48C21.5 64 0 85.5 0 112v19c0 7.4 3.4 14.3 9.2 18.9 30.6 23.9 40.7 32.4 173.4 128.7 16.8 12.2 50.2 41.8 73.4 41.4z\"><\/path><\/svg>\t\t\t\t\t\t<\/span>\n\t\t\t\t\t\t\t\t\t\t<span class=\"elementor-icon-list-text\">info@dulobisztro.hu<\/span>\n\t\t\t\t\t\t\t\t\t\t\t<\/a>\n\t\t\t\t\t\t\t\t\t<\/li>\n\t\t\t\t\t\t<\/ul>\n\t\t\t\t\t\t<\/div>\n\t\t\t\t<\/div>\n\t\t\t\t\t<\/div>\n\t\t<\/div>\n\t\t\t\t<div class=\"elementor-column elementor-col-66 elementor-top-column elementor-element elementor-element-a8b4518\" data-id=\"a8b4518\" data-element_type=\"column\" data-e-type=\"column\">\n\t\t\t<div class=\"elementor-widget-wrap elementor-element-populated\">\n\t\t\t\t\t\t<div class=\"elementor-element elementor-element-858553d elementor-widget elementor-widget-image\" data-id=\"858553d\" data-element_type=\"widget\" data-e-type=\"widget\" data-widget_type=\"image.default\">\n\t\t\t\t<div class=\"elementor-widget-container\">\n\t\t\t\t\t\t\t\t\t\t\t\t\t\t\t<img decoding=\"async\" width=\"963\" height=\"842\" src=\"https:\/\/dulobisztro.hu\/wp-content\/uploads\/2026\/07\/e-bike-dulobisztro-4.webp\" class=\"attachment-full size-full wp-image-16722\" alt=\"\" srcset=\"https:\/\/dulobisztro.hu\/wp-content\/uploads\/2026\/07\/e-bike-dulobisztro-4.webp 963w, https:\/\/dulobisztro.hu\/wp-content\/uploads\/2026\/07\/e-bike-dulobisztro-4-300x262.webp 300w, https:\/\/dulobisztro.hu\/wp-content\/uploads\/2026\/07\/e-bike-dulobisztro-4-768x672.webp 768w, https:\/\/dulobisztro.hu\/wp-content\/uploads\/2026\/07\/e-bike-dulobisztro-4-14x12.webp 14w\" sizes=\"(max-width: 963px) 100vw, 963px\" style=\"width:100%;height:87.44%;max-width:963px\" \/>\t\t\t\t\t\t\t\t\t\t\t\t\t\t\t<\/div>\n\t\t\t\t<\/div>\n\t\t\t\t\t<\/div>\n\t\t<\/div>\n\t\t\t\t\t<\/div>\n\t\t<\/section>\n\t\t\t\t<\/div>","protected":false},"excerpt":{"rendered":"<p>E-bike b\u00e9rl\u00e9s Fedezd fel a d\u0171l\u0151ket elektromos ker\u00e9kp\u00e1rral A Tokaj-hegyalja d\u0171l\u0151i eg\u00e9szen m\u00e1s arcukat mutatj\u00e1k, ha k\u00e9t ker\u00e9ken fedezed fel \u0151ket. Az e-bike seg\u00edts\u00e9g\u00e9vel k\u00f6nnyed\u00e9n feljuthatsz a sz\u0151l\u0151hegyekre, meg\u00e1llhatsz a legszebb panor\u00e1mapontokon, \u00e9s an\u00e9lk\u00fcl \u00e9lvezheted a t\u00e1jat, hogy a meredek emelked\u0151k miatt kellene agg\u00f3dnod. Az elektromos r\u00e1seg\u00edt\u00e9snek k\u00f6sz\u00f6nhet\u0151en a t\u00fara nem a teljes\u00edtm\u00e9nyr\u0151l, hanem az&hellip; <a class=\"more-link\" href=\"https:\/\/dulobisztro.hu\/en\/e-bike-berles\/\">Continue reading <span class=\"screen-reader-text\">E-BIKE RENTAL<\/span><\/a><\/p>","protected":false},"author":2,"featured_media":0,"parent":0,"menu_order":0,"comment_status":"closed","ping_status":"closed","template":"elementor_header_footer","meta":{"footnotes":""},"class_list":["post-16708","page","type-page","status-publish","hentry","entry"],"aioseo_notices":[],"aioseo_head":"\n\t\t<!-- All in One SEO 4.9.10 - aioseo.com -->\n\t<meta name=\"description\" content=\"E-bike b\u00e9rl\u00e9s Fedezd fel a d\u0171l\u0151ket elektromos ker\u00e9kp\u00e1rral A Tokaj-hegyalja d\u0171l\u0151i eg\u00e9szen m\u00e1s arcukat mutatj\u00e1k, ha k\u00e9t ker\u00e9ken fedezed fel \u0151ket. Az e-bike seg\u00edts\u00e9g\u00e9vel k\u00f6nnyed\u00e9n feljuthatsz a sz\u0151l\u0151hegyekre, meg\u00e1llhatsz a legszebb panor\u00e1mapontokon, \u00e9s an\u00e9lk\u00fcl \u00e9lvezheted a t\u00e1jat, hogy a meredek emelked\u0151k miatt kellene agg\u00f3dnod. Az elektromos r\u00e1seg\u00edt\u00e9snek k\u00f6sz\u00f6nhet\u0151en a t\u00fara nem a teljes\u00edtm\u00e9nyr\u0151l, hanem az\" \/>\n\t<meta name=\"robots\" content=\"max-image-preview:large\" \/>\n\t<link rel=\"canonical\" href=\"https:\/\/dulobisztro.hu\/en\/e-bike-berles\/\" \/>\n\t<meta name=\"generator\" content=\"All in One SEO (AIOSEO) 4.9.10\" \/>\n\t\t<meta property=\"og:locale\" content=\"en_GB\" \/>\n\t\t<meta property=\"og:site_name\" content=\"D\u0171l\u0151bisztr\u00f3 - D\u0171l\u0151bisztr\u00f3 - S\u00e1rospatak - Hars\u00e1nyi Pinc\u00e9szet\" \/>\n\t\t<meta property=\"og:type\" content=\"article\" \/>\n\t\t<meta property=\"og:title\" content=\"E-bike b\u00e9rl\u00e9s - D\u0171l\u0151bisztr\u00f3\" \/>\n\t\t<meta property=\"og:description\" content=\"E-bike b\u00e9rl\u00e9s Fedezd fel a d\u0171l\u0151ket elektromos ker\u00e9kp\u00e1rral A Tokaj-hegyalja d\u0171l\u0151i eg\u00e9szen m\u00e1s arcukat mutatj\u00e1k, ha k\u00e9t ker\u00e9ken fedezed fel \u0151ket. Az e-bike seg\u00edts\u00e9g\u00e9vel k\u00f6nnyed\u00e9n feljuthatsz a sz\u0151l\u0151hegyekre, meg\u00e1llhatsz a legszebb panor\u00e1mapontokon, \u00e9s an\u00e9lk\u00fcl \u00e9lvezheted a t\u00e1jat, hogy a meredek emelked\u0151k miatt kellene agg\u00f3dnod. Az elektromos r\u00e1seg\u00edt\u00e9snek k\u00f6sz\u00f6nhet\u0151en a t\u00fara nem a teljes\u00edtm\u00e9nyr\u0151l, hanem az\" \/>\n\t\t<meta property=\"og:url\" content=\"https:\/\/dulobisztro.hu\/en\/e-bike-berles\/\" \/>\n\t\t<meta property=\"og:image\" content=\"https:\/\/dulobisztro.hu\/wp-content\/uploads\/2021\/08\/favicon_02.jpg.png\" \/>\n\t\t<meta property=\"og:image:secure_url\" content=\"https:\/\/dulobisztro.hu\/wp-content\/uploads\/2021\/08\/favicon_02.jpg.png\" \/>\n\t\t<meta property=\"og:image:width\" content=\"512\" \/>\n\t\t<meta property=\"og:image:height\" content=\"512\" \/>\n\t\t<meta property=\"article:published_time\" content=\"2026-07-06T21:35:19+00:00\" \/>\n\t\t<meta property=\"article:modified_time\" content=\"2026-07-06T22:09:02+00:00\" \/>\n\t\t<meta name=\"twitter:card\" content=\"summary_large_image\" \/>\n\t\t<meta name=\"twitter:title\" content=\"E-bike b\u00e9rl\u00e9s - D\u0171l\u0151bisztr\u00f3\" \/>\n\t\t<meta name=\"twitter:description\" content=\"E-bike b\u00e9rl\u00e9s Fedezd fel a d\u0171l\u0151ket elektromos ker\u00e9kp\u00e1rral A Tokaj-hegyalja d\u0171l\u0151i eg\u00e9szen m\u00e1s arcukat mutatj\u00e1k, ha k\u00e9t ker\u00e9ken fedezed fel \u0151ket. Az e-bike seg\u00edts\u00e9g\u00e9vel k\u00f6nnyed\u00e9n feljuthatsz a sz\u0151l\u0151hegyekre, meg\u00e1llhatsz a legszebb panor\u00e1mapontokon, \u00e9s an\u00e9lk\u00fcl \u00e9lvezheted a t\u00e1jat, hogy a meredek emelked\u0151k miatt kellene agg\u00f3dnod. Az elektromos r\u00e1seg\u00edt\u00e9snek k\u00f6sz\u00f6nhet\u0151en a t\u00fara nem a teljes\u00edtm\u00e9nyr\u0151l, hanem az\" \/>\n\t\t<meta name=\"twitter:image\" content=\"https:\/\/dulobisztro.hu\/wp-content\/uploads\/2021\/08\/favicon_02.jpg.png\" \/>\n\t\t<script type=\"application\/ld+json\" class=\"aioseo-schema\">\n\t\t\t{\"@context\":\"https:\\\/\\\/schema.org\",\"@graph\":[{\"@type\":\"BreadcrumbList\",\"@id\":\"https:\\\/\\\/dulobisztro.hu\\\/en\\\/e-bike-berles\\\/#breadcrumblist\",\"itemListElement\":[{\"@type\":\"ListItem\",\"@id\":\"https:\\\/\\\/dulobisztro.hu\\\/en#listItem\",\"position\":1,\"name\":\"Home\",\"item\":\"https:\\\/\\\/dulobisztro.hu\\\/en\",\"nextItem\":{\"@type\":\"ListItem\",\"@id\":\"https:\\\/\\\/dulobisztro.hu\\\/en\\\/e-bike-berles\\\/#listItem\",\"name\":\"E-bike b\\u00e9rl\\u00e9s\"}},{\"@type\":\"ListItem\",\"@id\":\"https:\\\/\\\/dulobisztro.hu\\\/en\\\/e-bike-berles\\\/#listItem\",\"position\":2,\"name\":\"E-bike b\\u00e9rl\\u00e9s\",\"previousItem\":{\"@type\":\"ListItem\",\"@id\":\"https:\\\/\\\/dulobisztro.hu\\\/en#listItem\",\"name\":\"Home\"}}]},{\"@type\":\"Organization\",\"@id\":\"https:\\\/\\\/dulobisztro.hu\\\/en\\\/#organization\",\"name\":\"D\\u0171l\\u0151bisztr\\u00f3\",\"description\":\"D\\u0171l\\u0151bisztr\\u00f3 - S\\u00e1rospatak - Hars\\u00e1nyi Pinc\\u00e9szet\",\"url\":\"https:\\\/\\\/dulobisztro.hu\\\/en\\\/\",\"logo\":{\"@type\":\"ImageObject\",\"url\":\"https:\\\/\\\/dulobisztro.hu\\\/wp-content\\\/uploads\\\/2021\\\/08\\\/favicon_02.jpg.png\",\"@id\":\"https:\\\/\\\/dulobisztro.hu\\\/en\\\/e-bike-berles\\\/#organizationLogo\",\"width\":512,\"height\":512},\"image\":{\"@id\":\"https:\\\/\\\/dulobisztro.hu\\\/en\\\/e-bike-berles\\\/#organizationLogo\"}},{\"@type\":\"WebPage\",\"@id\":\"https:\\\/\\\/dulobisztro.hu\\\/en\\\/e-bike-berles\\\/#webpage\",\"url\":\"https:\\\/\\\/dulobisztro.hu\\\/en\\\/e-bike-berles\\\/\",\"name\":\"E-bike b\\u00e9rl\\u00e9s - D\\u0171l\\u0151bisztr\\u00f3\",\"description\":\"E-bike b\\u00e9rl\\u00e9s Fedezd fel a d\\u0171l\\u0151ket elektromos ker\\u00e9kp\\u00e1rral A Tokaj-hegyalja d\\u0171l\\u0151i eg\\u00e9szen m\\u00e1s arcukat mutatj\\u00e1k, ha k\\u00e9t ker\\u00e9ken fedezed fel \\u0151ket. Az e-bike seg\\u00edts\\u00e9g\\u00e9vel k\\u00f6nnyed\\u00e9n feljuthatsz a sz\\u0151l\\u0151hegyekre, meg\\u00e1llhatsz a legszebb panor\\u00e1mapontokon, \\u00e9s an\\u00e9lk\\u00fcl \\u00e9lvezheted a t\\u00e1jat, hogy a meredek emelked\\u0151k miatt kellene agg\\u00f3dnod. Az elektromos r\\u00e1seg\\u00edt\\u00e9snek k\\u00f6sz\\u00f6nhet\\u0151en a t\\u00fara nem a teljes\\u00edtm\\u00e9nyr\\u0151l, hanem az\",\"inLanguage\":\"en-GB\",\"isPartOf\":{\"@id\":\"https:\\\/\\\/dulobisztro.hu\\\/en\\\/#website\"},\"breadcrumb\":{\"@id\":\"https:\\\/\\\/dulobisztro.hu\\\/en\\\/e-bike-berles\\\/#breadcrumblist\"},\"datePublished\":\"2026-07-06T23:35:19+02:00\",\"dateModified\":\"2026-07-07T00:09:02+02:00\"},{\"@type\":\"WebSite\",\"@id\":\"https:\\\/\\\/dulobisztro.hu\\\/en\\\/#website\",\"url\":\"https:\\\/\\\/dulobisztro.hu\\\/en\\\/\",\"name\":\"D\\u0171l\\u0151bisztr\\u00f3\",\"description\":\"D\\u0171l\\u0151bisztr\\u00f3 - S\\u00e1rospatak - Hars\\u00e1nyi Pinc\\u00e9szet\",\"inLanguage\":\"en-GB\",\"publisher\":{\"@id\":\"https:\\\/\\\/dulobisztro.hu\\\/en\\\/#organization\"}}]}\n\t\t<\/script>\n\t\t<!-- All in One SEO -->\n\n","aioseo_head_json":{"title":"E-bike b\u00e9rl\u00e9s - D\u0171l\u0151bisztr\u00f3","description":"E-bike b\u00e9rl\u00e9s Fedezd fel a d\u0171l\u0151ket elektromos ker\u00e9kp\u00e1rral A Tokaj-hegyalja d\u0171l\u0151i eg\u00e9szen m\u00e1s arcukat mutatj\u00e1k, ha k\u00e9t ker\u00e9ken fedezed fel \u0151ket. Az e-bike seg\u00edts\u00e9g\u00e9vel k\u00f6nnyed\u00e9n feljuthatsz a sz\u0151l\u0151hegyekre, meg\u00e1llhatsz a legszebb panor\u00e1mapontokon, \u00e9s an\u00e9lk\u00fcl \u00e9lvezheted a t\u00e1jat, hogy a meredek emelked\u0151k miatt kellene agg\u00f3dnod. Az elektromos r\u00e1seg\u00edt\u00e9snek k\u00f6sz\u00f6nhet\u0151en a t\u00fara nem a teljes\u00edtm\u00e9nyr\u0151l, hanem az","canonical_url":"https:\/\/dulobisztro.hu\/en\/e-bike-berles\/","robots":"max-image-preview:large","keywords":"","webmasterTools":{"miscellaneous":""},"schema":{"@context":"https:\/\/schema.org","@graph":[{"@type":"BreadcrumbList","@id":"https:\/\/dulobisztro.hu\/en\/e-bike-berles\/#breadcrumblist","itemListElement":[{"@type":"ListItem","@id":"https:\/\/dulobisztro.hu\/en#listItem","position":1,"name":"Home","item":"https:\/\/dulobisztro.hu\/en","nextItem":{"@type":"ListItem","@id":"https:\/\/dulobisztro.hu\/en\/e-bike-berles\/#listItem","name":"E-bike b\u00e9rl\u00e9s"}},{"@type":"ListItem","@id":"https:\/\/dulobisztro.hu\/en\/e-bike-berles\/#listItem","position":2,"name":"E-bike b\u00e9rl\u00e9s","previousItem":{"@type":"ListItem","@id":"https:\/\/dulobisztro.hu\/en#listItem","name":"Home"}}]},{"@type":"Organization","@id":"https:\/\/dulobisztro.hu\/en\/#organization","name":"D\u0171l\u0151bisztr\u00f3","description":"D\u0171l\u0151bisztr\u00f3 - S\u00e1rospatak - Hars\u00e1nyi Pinc\u00e9szet","url":"https:\/\/dulobisztro.hu\/en\/","logo":{"@type":"ImageObject","url":"https:\/\/dulobisztro.hu\/wp-content\/uploads\/2021\/08\/favicon_02.jpg.png","@id":"https:\/\/dulobisztro.hu\/en\/e-bike-berles\/#organizationLogo","width":512,"height":512},"image":{"@id":"https:\/\/dulobisztro.hu\/en\/e-bike-berles\/#organizationLogo"}},{"@type":"WebPage","@id":"https:\/\/dulobisztro.hu\/en\/e-bike-berles\/#webpage","url":"https:\/\/dulobisztro.hu\/en\/e-bike-berles\/","name":"E-bike b\u00e9rl\u00e9s - D\u0171l\u0151bisztr\u00f3","description":"E-bike b\u00e9rl\u00e9s Fedezd fel a d\u0171l\u0151ket elektromos ker\u00e9kp\u00e1rral A Tokaj-hegyalja d\u0171l\u0151i eg\u00e9szen m\u00e1s arcukat mutatj\u00e1k, ha k\u00e9t ker\u00e9ken fedezed fel \u0151ket. Az e-bike seg\u00edts\u00e9g\u00e9vel k\u00f6nnyed\u00e9n feljuthatsz a sz\u0151l\u0151hegyekre, meg\u00e1llhatsz a legszebb panor\u00e1mapontokon, \u00e9s an\u00e9lk\u00fcl \u00e9lvezheted a t\u00e1jat, hogy a meredek emelked\u0151k miatt kellene agg\u00f3dnod. Az elektromos r\u00e1seg\u00edt\u00e9snek k\u00f6sz\u00f6nhet\u0151en a t\u00fara nem a teljes\u00edtm\u00e9nyr\u0151l, hanem az","inLanguage":"en-GB","isPartOf":{"@id":"https:\/\/dulobisztro.hu\/en\/#website"},"breadcrumb":{"@id":"https:\/\/dulobisztro.hu\/en\/e-bike-berles\/#breadcrumblist"},"datePublished":"2026-07-06T23:35:19+02:00","dateModified":"2026-07-07T00:09:02+02:00"},{"@type":"WebSite","@id":"https:\/\/dulobisztro.hu\/en\/#website","url":"https:\/\/dulobisztro.hu\/en\/","name":"D\u0171l\u0151bisztr\u00f3","description":"D\u0171l\u0151bisztr\u00f3 - S\u00e1rospatak - Hars\u00e1nyi Pinc\u00e9szet","inLanguage":"en-GB","publisher":{"@id":"https:\/\/dulobisztro.hu\/en\/#organization"}}]},"og:locale":"en_GB","og:site_name":"D\u0171l\u0151bisztr\u00f3 - D\u0171l\u0151bisztr\u00f3 - S\u00e1rospatak - Hars\u00e1nyi Pinc\u00e9szet","og:type":"article","og:title":"E-bike b\u00e9rl\u00e9s - D\u0171l\u0151bisztr\u00f3","og:description":"E-bike b\u00e9rl\u00e9s Fedezd fel a d\u0171l\u0151ket elektromos ker\u00e9kp\u00e1rral A Tokaj-hegyalja d\u0171l\u0151i eg\u00e9szen m\u00e1s arcukat mutatj\u00e1k, ha k\u00e9t ker\u00e9ken fedezed fel \u0151ket. Az e-bike seg\u00edts\u00e9g\u00e9vel k\u00f6nnyed\u00e9n feljuthatsz a sz\u0151l\u0151hegyekre, meg\u00e1llhatsz a legszebb panor\u00e1mapontokon, \u00e9s an\u00e9lk\u00fcl \u00e9lvezheted a t\u00e1jat, hogy a meredek emelked\u0151k miatt kellene agg\u00f3dnod. Az elektromos r\u00e1seg\u00edt\u00e9snek k\u00f6sz\u00f6nhet\u0151en a t\u00fara nem a teljes\u00edtm\u00e9nyr\u0151l, hanem az","og:url":"https:\/\/dulobisztro.hu\/en\/e-bike-berles\/","og:image":"https:\/\/dulobisztro.hu\/wp-content\/uploads\/2021\/08\/favicon_02.jpg.png","og:image:secure_url":"https:\/\/dulobisztro.hu\/wp-content\/uploads\/2021\/08\/favicon_02.jpg.png","og:image:width":512,"og:image:height":512,"article:published_time":"2026-07-06T21:35:19+00:00","article:modified_time":"2026-07-06T22:09:02+00:00","twitter:card":"summary_large_image","twitter:title":"E-bike b\u00e9rl\u00e9s - D\u0171l\u0151bisztr\u00f3","twitter:description":"E-bike b\u00e9rl\u00e9s Fedezd fel a d\u0171l\u0151ket elektromos ker\u00e9kp\u00e1rral A Tokaj-hegyalja d\u0171l\u0151i eg\u00e9szen m\u00e1s arcukat mutatj\u00e1k, ha k\u00e9t ker\u00e9ken fedezed fel \u0151ket. Az e-bike seg\u00edts\u00e9g\u00e9vel k\u00f6nnyed\u00e9n feljuthatsz a sz\u0151l\u0151hegyekre, meg\u00e1llhatsz a legszebb panor\u00e1mapontokon, \u00e9s an\u00e9lk\u00fcl \u00e9lvezheted a t\u00e1jat, hogy a meredek emelked\u0151k miatt kellene agg\u00f3dnod. Az elektromos r\u00e1seg\u00edt\u00e9snek k\u00f6sz\u00f6nhet\u0151en a t\u00fara nem a teljes\u00edtm\u00e9nyr\u0151l, hanem az","twitter:image":"https:\/\/dulobisztro.hu\/wp-content\/uploads\/2021\/08\/favicon_02.jpg.png"},"aioseo_meta_data":{"post_id":"16708","title":null,"description":null,"keywords":null,"keyphrases":{"focus":{"keyphrase":"","score":0,"analysis":{"keyphraseInTitle":{"score":0,"maxScore":9,"error":1}}},"additional":[]},"primary_term":null,"canonical_url":null,"og_title":null,"og_description":null,"og_object_type":"default","og_image_type":"default","og_image_url":null,"og_image_width":null,"og_image_height":null,"og_image_custom_url":null,"og_image_custom_fields":null,"og_video":"","og_custom_url":null,"og_article_section":null,"og_article_tags":null,"twitter_use_og":false,"twitter_card":"default","twitter_image_type":"default","twitter_image_url":null,"twitter_image_custom_url":null,"twitter_image_custom_fields":null,"twitter_title":null,"twitter_description":null,"schema":{"blockGraphs":[],"customGraphs":[],"default":{"data":{"Article":[],"Course":[],"Dataset":[],"FAQPage":[],"Movie":[],"Person":[],"Product":[],"ProductReview":[],"Car":[],"Recipe":[],"Service":[],"SoftwareApplication":[],"WebPage":[]},"graphName":"WebPage","isEnabled":true},"graphs":[]},"schema_type":"default","schema_type_options":null,"pillar_content":false,"robots_default":true,"robots_noindex":false,"robots_noarchive":false,"robots_nosnippet":false,"robots_nofollow":false,"robots_noimageindex":false,"robots_noodp":false,"robots_notranslate":false,"robots_max_snippet":"-1","robots_max_videopreview":"-1","robots_max_imagepreview":"large","priority":null,"frequency":"default","local_seo":null,"breadcrumb_settings":null,"limit_modified_date":false,"ai":{"faqs":[],"keyPoints":[],"schemas":[],"titles":[],"descriptions":[],"socialPosts":{"email":{"subject":"","preview":"","content":""},"linkedin":[],"twitter":[],"facebook":[],"instagram":[]}},"created":"2026-07-06 21:35:20","updated":"2026-07-06 22:20:15","seo_analyzer_scan_date":null},"aioseo_breadcrumb":"<div class=\"aioseo-breadcrumbs\"><span class=\"aioseo-breadcrumb\">\n\t\t\t<a href=\"https:\/\/dulobisztro.hu\/en\" title=\"Home\">Home<\/a>\n\t\t<\/span><span class=\"aioseo-breadcrumb-separator\">&raquo;<\/span><span class=\"aioseo-breadcrumb\">\n\t\t\tE-bike b\u00e9rl\u00e9s\n\t\t<\/span><\/div>","aioseo_breadcrumb_json":[{"label":"Home","link":"https:\/\/dulobisztro.hu\/en"},{"label":"E-bike b\u00e9rl\u00e9s","link":"https:\/\/dulobisztro.hu\/en\/e-bike-berles\/"}],"_links":{"self":[{"href":"https:\/\/dulobisztro.hu\/en\/wp-json\/wp\/v2\/pages\/16708","targetHints":{"allow":["GET"]}}],"collection":[{"href":"https:\/\/dulobisztro.hu\/en\/wp-json\/wp\/v2\/pages"}],"about":[{"href":"https:\/\/dulobisztro.hu\/en\/wp-json\/wp\/v2\/types\/page"}],"author":[{"embeddable":true,"href":"https:\/\/dulobisztro.hu\/en\/wp-json\/wp\/v2\/users\/2"}],"replies":[{"embeddable":true,"href":"https:\/\/dulobisztro.hu\/en\/wp-json\/wp\/v2\/comments?post=16708"}],"version-history":[{"count":0,"href":"https:\/\/dulobisztro.hu\/en\/wp-json\/wp\/v2\/pages\/16708\/revisions"}],"wp:attachment":[{"href":"https:\/\/dulobisztro.hu\/en\/wp-json\/wp\/v2\/media?parent=16708"}],"curies":[{"name":"wp","href":"https:\/\/api.w.org\/{rel}","templated":true}]}}